{"id":4287,"date":"2024-10-30T11:49:57","date_gmt":"2024-10-30T10:49:57","guid":{"rendered":"https:\/\/www.majt-lille.org\/V2\/?post_type=tribe_events&#038;p=4287"},"modified":"2024-10-30T11:49:57","modified_gmt":"2024-10-30T10:49:57","slug":"sortie-au-grand-bleu-piece-de-theatre-celle-qui-regarde-le-monde","status":"publish","type":"tribe_events","link":"https:\/\/www.majt-lille.org\/V2\/event\/sortie-au-grand-bleu-piece-de-theatre-celle-qui-regarde-le-monde\/","title":{"rendered":"Sortie au Grand Bleu : Pi\u00e8ce de th\u00e9atre \u00ab\u00a0Celle qui regarde le monde\u00a0\u00bb"},"content":{"rendered":"<p>Dans <em>Celle qui regarde le monde<\/em>, Alexandra Badea raconte le drame d\u2019un mineur isol\u00e9 oblig\u00e9 de se cacher des autorit\u00e9s. Dans tout drame, il y a une lumi\u00e8re. Ici elle se pr\u00e9nomme D\u00e9a. Avec Enis, s\u00e9par\u00e9 de sa m\u00e8re \u00e0 son arriv\u00e9e en Europe, elle noue une relation qu\u2019elle n\u2019avait jamais v\u00e9cue et qui va bouleverser sa vie. Elle deviendra <em>Celle qui regarde le monde<\/em> diff\u00e9remment des adultes, refusant la froideur qu\u2019ils y soufflent et l\u2019inhumanit\u00e9 administrative.<\/p>\n<p>Inspir\u00e9 par des discussions avec des jeunes et le constat d\u2019une d\u00e9sillusion collective, l\u2019histoire de <em>Celle qui regarde le monde<\/em> raconte la pr\u00e9carit\u00e9 dans laquelle sont laiss\u00e9s hommes, femmes et enfants bloqu\u00e9s sur leur chemin et la r\u00e9alit\u00e9 que cache l\u2019ignoble oxymore \u00ab\u00a0d\u00e9lit de solidarit\u00e9\u00a0\u00bb. Trois personnages et un \u00e9cran o\u00f9 se mat\u00e9rialise un agent de police donnent corps \u00e0 ces situations extr\u00eames et pourtant si proches.<\/p>\n","protected":false},"excerpt":{"rendered":"<p>Dans Celle qui regarde le monde, Alexandra Badea raconte le drame d\u2019un mineur isol\u00e9 oblig\u00e9 de se cacher des autorit\u00e9s. Dans tout drame, il y a une lumi\u00e8re. Ici elle [&hellip;]<\/p>\n","protected":false},"author":13,"featured_media":2892,"template":"","meta":{"_price":"","_stock":"","_tribe_ticket_header":"","_tribe_default_ticket_provider":"","_tribe_ticket_capacity":"0","_ticket_start_date":"","_ticket_end_date":"","_tribe_ticket_show_description":"","_tribe_ticket_show_not_going":false,"_tribe_ticket_use_global_stock":"","_tribe_ticket_global_stock_level":"","_global_stock_mode":"","_global_stock_cap":"","_tribe_rsvp_for_event":"","_tribe_ticket_going_count":"","_tribe_ticket_not_going_count":"","_tribe_tickets_list":"[]","_tribe_ticket_has_attendee_info_fields":false,"_tribe_events_status":"","_tribe_events_status_reason":"","footnotes":"","_tec_slr_enabled":"","_tec_slr_layout":""},"tags":[],"tribe_events_cat":[17],"class_list":["post-4287","tribe_events","type-tribe_events","status-publish","has-post-thumbnail","hentry","tribe_events_cat-loisirs-et-culture","cat_loisirs-et-culture"],"jetpack_sharing_enabled":true,"ticketed":["rsvp"],"_links":{"self":[{"href":"https:\/\/www.majt-lille.org\/V2\/wp-json\/wp\/v2\/tribe_events\/4287","targetHints":{"allow":["GET"]}}],"collection":[{"href":"https:\/\/www.majt-lille.org\/V2\/wp-json\/wp\/v2\/tribe_events"}],"about":[{"href":"https:\/\/www.majt-lille.org\/V2\/wp-json\/wp\/v2\/types\/tribe_events"}],"author":[{"embeddable":true,"href":"https:\/\/www.majt-lille.org\/V2\/wp-json\/wp\/v2\/users\/13"}],"version-history":[{"count":1,"href":"https:\/\/www.majt-lille.org\/V2\/wp-json\/wp\/v2\/tribe_events\/4287\/revisions"}],"predecessor-version":[{"id":4290,"href":"https:\/\/www.majt-lille.org\/V2\/wp-json\/wp\/v2\/tribe_events\/4287\/revisions\/4290"}],"wp:featuredmedia":[{"embeddable":true,"href":"https:\/\/www.majt-lille.org\/V2\/wp-json\/wp\/v2\/media\/2892"}],"wp:attachment":[{"href":"https:\/\/www.majt-lille.org\/V2\/wp-json\/wp\/v2\/media?parent=4287"}],"wp:term":[{"taxonomy":"post_tag","embeddable":true,"href":"https:\/\/www.majt-lille.org\/V2\/wp-json\/wp\/v2\/tags?post=4287"},{"taxonomy":"tribe_events_cat","embeddable":true,"href":"https:\/\/www.majt-lille.org\/V2\/wp-json\/wp\/v2\/tribe_events_cat?post=4287"}],"curies":[{"name":"wp","href":"https:\/\/api.w.org\/{rel}","templated":true}]}}